{"id":175,"date":"2018-12-29T15:40:29","date_gmt":"2018-12-29T14:40:29","guid":{"rendered":"https:\/\/tkv-hochfranken.de\/?page_id=175"},"modified":"2019-12-17T16:41:01","modified_gmt":"2019-12-17T15:41:01","slug":"datenschutzerklaerung","status":"publish","type":"page","link":"https:\/\/tkv-hochfranken.de\/index.php\/datenschutzerklaerung\/","title":{"rendered":"Datenschutzerkl\u00e4rung"},"content":{"rendered":"\n<h3 class=\"wp-block-heading\">Allgemeines<\/h3>\n\n\n\n<p>Wir nehmen den Schutz Ihrer personenbezogenen Daten sehr ernst. Wir \nm\u00f6chten, dass Sie wissen, wann wir welche Daten erheben und wie wir sie \nverwenden. Wir verarbeiten Ihre Daten daher ausschlie\u00dflich auf Grundlage\n der gesetzlichen Bestimmungen (EU-Datenschutzgrundverordnung, \nTelemediengesetz).<\/p>\n\n\n\n<p>Sie k\u00f6nnen diese Erkl\u00e4rung jederzeit auf unserer Webseite abrufen. Im\n Zuge der Weiterentwicklung unserer Internet-Seiten und der \nImplementierung neuer Technologien k\u00f6nnen auch \u00c4nderungen dieser \nDatenschutzerkl\u00e4rung erforderlich werden. Daher empfehlen wir Ihnen, \nsich diese Datenschutzerkl\u00e4rung gelegentlich erneut durchzulesen.<\/p>\n\n\n\n<p>Diese Datenschutzerkl\u00e4rung kl\u00e4rt Sie \u00fcber die Art, den Umfang und \nZweck der Verarbeitung von personenbezogenen Daten innerhalb unserer \nWebsite und der mit ihr verbundenen Webseiten, Funktionen und Inhalte \nauf.<\/p>\n\n\n\n<p>Wir weisen ausdr\u00fccklich darauf hin, dass die Daten\u00fcbertragung im \nInternet (z.B. bei der Kommunikation per E-Mail) Sicherheitsl\u00fccken \naufweisen und nicht l\u00fcckenlos vor dem Zugriff durch Dritte gesch\u00fctzt \nwerden kann.<\/p>\n\n\n\n<h3 class=\"wp-block-heading\">Ansprechpartner<\/h3>\n\n\n\n<p>Bei allen Fragen zur Erhebung, Verarbeitung oder Nutzung Ihrer \npersonenbezogenen Daten, bei Ausk\u00fcnften, Berichtigung, Sperrung oder \nL\u00f6schung von Daten sowie Widerruf erteilter Einwilligungen wenden Sie \nsich bitte an die folgenden Kontaktdaten:<\/p>\n\n\n\n<p><strong>TKV Hochfranken e.V.<\/strong><br>Klosterstr. 9-11<br>95028 Hof<br> <br><strong>Email:<\/strong> <a href=\"mailto:vorstand@tkv-hochfranken.de\">vorstand@tkv-hochfranken.de<\/a> <\/p>\n\n\n\n<h3 class=\"wp-block-heading\">Personenbezogene Daten<\/h3>\n\n\n\n<p>Als personenbezogene Daten gelten s\u00e4mtliche Informationen, welche \ndazu dienen, Ihre Person zu bestimmen und welche zu Ihnen zur\u00fcckverfolgt\n werden k\u00f6nnen \u2013 also beispielsweise Ihr Name, Ihre E-Mail-Adresse und \nTelefonnummer, aber auch Ihre IP-Adresse. Hinsichtlich der verwendeten \nBegrifflichkeiten, wie z.B. \u201epersonenbezogene Daten\u201c oder deren \n\u201eVerarbeitung\u201c verweisen wir zudem auf die Definitionen im Art. 4 der \nDatenschutzgrundverordnung (DSGVO).<\/p>\n\n\n\n<p>Sie k\u00f6nnen unsere Webseite ohne Angabe personenbezogener Daten \nbesuchen. Soweit auf unseren Seiten personenbezogene Daten (wie Name, \nAnschrift oder E-Mail Adresse) erhoben werden, erfolgt dies, soweit \nm\u00f6glich, auf freiwilliger Basis. Diese Daten werden ohne Ihre \nausdr\u00fcckliche Zustimmung nicht an Dritte weitergegeben. Sofern zwischen \nIhnen und uns ein Vertragsverh\u00e4ltnis begr\u00fcndet, inhaltlich ausgestaltet \noder ge\u00e4ndert werden soll oder Sie an uns eine Anfrage stellen, erheben \nund verwenden wir personenbezogene Daten von Ihnen, soweit dies zu \ndiesen Zwecken erforderlich ist (Bestandsdaten). Wir erheben, \nverarbeiten und nutzen personenbezogene Daten soweit dies erforderlich \nist, um Ihnen die Inanspruchnahme des Webangebots zu erm\u00f6glichen \n(Nutzungsdaten). S\u00e4mtliche personenbezogenen Daten werden nur solange \ngespeichert wie dies f\u00fcr den genannten Zweck (Bearbeitung Ihrer Anfrage \noder Abwicklung eines Vertrags) erforderlich ist. Hierbei werden steuer-\n und handelsrechtliche Aufbewahrungsfristen ber\u00fccksichtigt.<\/p>\n\n\n\n<h3 class=\"wp-block-heading\">Schutz Ihrer Daten<\/h3>\n\n\n\n<p>Wir f\u00fchren eine Reihe von Ma\u00dfnahmen durch, um Ihre personenbezogenen \nDaten zu sch\u00fctzen. Dies umfasst technische Ma\u00dfnahmen wie Verschl\u00fcsselung\n und menschliche Faktoren wie die Weiterbildung zur Thematik des \nDatenschutzes. Ein Verzeichnis der Verarbeitungst\u00e4tigkeiten nach Art. 30\n DSGVO wird im Tonk\u00fcnstlerverband Hochfranken e.V. gef\u00fchrt.<\/p>\n\n\n\n<h3 class=\"wp-block-heading\">Rechtsgrundlage<\/h3>\n\n\n\n<p>Die Datenverarbeitung erfolgt auf Basis der gesetzlichen Bestimmungen und folgender Rechtsgrundlagen:<\/p>\n\n\n\n<ul class=\"wp-block-list\"><li>Einwilligung<\/li><li>Vertragserf\u00fcllung oder vorvertragliche Ma\u00dfnahmen<\/li><li>rechtliche Verpflichtungen<\/li><li>Zur Wahrung eines berechtigten \nInteresses. Die Interessen, Grundrechte und Grundfreiheiten der Nutzer \n\u00fcberwiegen das erstgenannte Interesse nicht.<\/li><\/ul>\n\n\n\n<p>Unser Anliegen im Sinne der DSGVO (berechtigtes Interesse) ist die \nVerbesserung unseres Webauftritts. Ihre IP-Adresse wird bei diesem \nVorgang umgehend anonymisiert, so dass Sie als Nutzer f\u00fcr uns anonym \nbleiben.<\/p>\n\n\n\n<h3 class=\"wp-block-heading\">Cookies<\/h3>\n\n\n\n<p>Unsere Website verwendet so genannte Cookies. Dabei handelt es sich \num kleine Textdateien, die mit Hilfe des Browsers auf Ihrem Endger\u00e4t \nabgelegt werden. Sie richten keinen Schaden an.<\/p>\n\n\n\n<p>Wir nutzen Cookies dazu, unser Angebot nutzerfreundlich zu gestalten.\n Einige Cookies bleiben auf Ihrem Endger\u00e4t gespeichert, bis Sie diese \nl\u00f6schen. Sie erm\u00f6glichen es uns, Ihren Browser beim n\u00e4chsten Besuch \nwiederzuerkennen.<\/p>\n\n\n\n<p>Wenn Sie dies nicht w\u00fcnschen, k\u00f6nnen Sie Ihren Browser so einrichten,\n dass er Sie \u00fcber das Setzen von Cookies informiert und Sie dies nur im \nEinzelfall erlauben. Bei der Deaktivierung von Cookies kann die \nFunktionalit\u00e4t unserer Website eingeschr\u00e4nkt sein.<\/p>\n\n\n\n<h3 class=\"wp-block-heading\">Facebook-Seite<\/h3>\n\n\n\n<p>Wir betreiben eine sogenannte Facebook-Seite mittels der Dienste der \nFacebook Ireland Ltd., 4 Grand Canal Square Grand Canal Harbour, Dublin \n2, Ireland.<\/p>\n\n\n\n<p>Wir weisen Sie darauf hin, dass Sie unsere Facebook-Seite und ihre \nFunktionen in eigener Verantwortung nutzen. Dies gilt insbesondere f\u00fcr \ndie Nutzung der interaktiven Funktionen (z.B. Kommentieren, Teilen, \nBewerten).<\/p>\n\n\n\n<p>Beim Besuch unserer Facebook-Seite erfasst Facebook u.a. Ihre \nIP-Adresse sowie weitere Informationen, die in Form von Cookies auf \nIhrem PC vorhanden sind. Diese Informationen werden verwendet, um uns \nals Betreiber der Facebook-Seiten statistische Informationen \u00fcber die \nInanspruchnahme der Facebook-Seite zur Verf\u00fcgung zu stellen. N\u00e4here \nInformationen hierzu stellt Facebook unter folgendem Link zur Verf\u00fcgung:\n <a href=\"http:\/\/de-de.facebook.com\/help\/pages\/insights\" target=\"_blank\" rel=\"noreferrer noopener\">de-de.facebook.com\/help\/pages\/insights<\/a>.<\/p>\n\n\n\n<p>Die in diesem Zusammenhang \u00fcber Sie erhobenen Daten werden von der \nFacebook Ltd. verarbeitet und dabei gegebenenfalls in L\u00e4nder au\u00dferhalb \nder Europ\u00e4ischen Union \u00fcbertragen. Welche Informationen Facebook erh\u00e4lt \nund wie diese verwendet werden, beschreibt Facebook in allgemeiner Form \nin seinen Datenverwendungsrichtlinien. Dort finden Sie auch \nInformationen \u00fcber Kontaktm\u00f6glichkeiten zu Facebook sowie zu den \nEinstellm\u00f6glichkeiten f\u00fcr Werbeanzeigen. Die Datenverwendungsrichtlinien\n sind unter folgendem Link verf\u00fcgbar: <a href=\"https:\/\/de-de.facebook.com\/about\/privacy\" target=\"_blank\" rel=\"noreferrer noopener\">de-de.facebook.com\/about\/privacy<\/a>. Die vollst\u00e4ndigen Datenrichtlinien von Facebook finden Sie hier: <a href=\"https:\/\/de-de.facebook.com\/full_data_use_policy\" target=\"_blank\" rel=\"noreferrer noopener\">de-de.facebook.com\/full_data_use_policy<\/a>.<\/p>\n\n\n\n<p>In welcher Weise Facebook die Daten aus dem Besuch von \nFacebook-Seiten f\u00fcr eigene Zwecke verwendet, in welchem Umfang \nAktivit\u00e4ten auf der Facebook-Seite einzelnen Nutzern zugeordnet werden, \nwie lange Facebook diese Daten speichert und ob Daten aus einem Besuch \nder Facebook-Seite an Dritte weitergegeben werden, wird von Facebook \nnicht abschlie\u00dfend und klar benannt und ist uns nicht bekannt.<\/p>\n\n\n\n<p>Beim Zugriff auf eine Facebook-Seite wird die Ihrem Endger\u00e4t \nzugeteilte IP-Adresse an Facebook \u00fcbermittelt. Nach Auskunft von \nFacebook wird diese IP-Adresse anonymisiert (bei \u201edeutschen\u201c \nIP-Adressen) und nach 90 Tagen gel\u00f6scht. Facebook speichert dar\u00fcber \nhinaus Informationen \u00fcber die Endger\u00e4te seiner Nutzer (z.B. im Rahmen \nder Funktion \u201cAnmeldebenachrichtigung\u201c); gegebenenfalls ist Facebook \ndamit eine Zuordnung von IP-Adressen zu einzelnen Nutzern m\u00f6glich.<\/p>\n\n\n\n<p>Wenn Sie als Nutzerin oder Nutzer aktuell bei Facebook angemeldet \nsind, befindet sich auf Ihrem Endger\u00e4t ein Cookie mit Ihrer \nFacebook-Kennung. Dadurch ist Facebook in der Lage nachzuvollziehen, \ndass Sie diese Seite aufgesucht und wie Sie sie genutzt haben. Dies gilt\n auch f\u00fcr alle anderen Facebook-Seiten. \u00dcber in Webseiten eingebundene \nFacebook-Buttons ist es Facebook m\u00f6glich, Ihre Besuche auf diesen \nWebseiten zu erfassen und Ihrem Facebook-Profil zuzuordnen. Anhand \ndieser Daten k\u00f6nnen Inhalte oder Werbung auf Sie zugeschnitten angeboten\n werden.<\/p>\n\n\n\n<p>Wenn Sie dies vermeiden m\u00f6chten, sollten Sie sich bei Facebook \nabmelden bzw. die Funktion \u201eangemeldet bleiben\u201c deaktivieren, die auf \nIhrem Ger\u00e4t vorhandenen Cookies l\u00f6schen und Ihren Browser beenden und \nneu starten. Auf diese Weise werden Facebook-Informationen, \u00fcber die Sie\n unmittelbar identifiziert werden k\u00f6nnten, gel\u00f6scht. Damit k\u00f6nnen Sie \nunsere Facebook-Seite nutzen, ohne dass Ihre Facebook-Kennung offenbart \nwird. Wenn Sie auf interaktive Funktionen der Seite zugreifen (Gef\u00e4llt \nmir, Kommentieren, Teilen, Nachrichten etc.), erscheint eine \nFacebook-Anmeldemaske.<\/p>\n\n\n\n<p>Nach einer etwaigen Anmeldung sind Sie f\u00fcr Facebook erneut als \nbestimmte\/r Nutzerin\/Nutzer erkennbar. Informationen dazu, wie Sie \u00fcber \nSie vorhandene Informationen verwalten oder l\u00f6schen k\u00f6nnen, finden Sie \nauf folgenden Facebook-Support-Seiten: <a href=\"https:\/\/de-de.facebook.com\/about\/privacy\" target=\"_blank\" rel=\"noreferrer noopener\">de-de.facebook.com\/about\/privacy<\/a>.<\/p>\n\n\n\n<h3 class=\"wp-block-heading\">Rechte auf Auskunft und L\u00f6schung<\/h3>\n\n\n\n<p>Sie haben das jederzeitige Recht, sich unentgeltlich und unverz\u00fcglich\n \u00fcber die zu Ihrer Person erhobenen Daten zu erkundigen. Sie haben das \njederzeitige Recht, Ihre Zustimmung zur Verwendung Ihrer angegeben \npers\u00f6nlichen Daten mit Wirkung f\u00fcr die Zukunft zu widerrufen oder \nfalsche Daten korrigieren zu lassen. Bitte wenden Sie sich dazu an die \noben genannten Kontaktdaten.<\/p>\n\n\n\n<h3 class=\"wp-block-heading\">Stand<\/h3>\n\n\n\n<p>Letzte Aktualisierung am 25. Mai 2018<\/p>\n<h3>Related Images:<\/h3>","protected":false},"excerpt":{"rendered":"<p>Allgemeines Wir nehmen den Schutz Ihrer personenbezogenen Daten sehr ernst. Wir m\u00f6chten, dass Sie wissen, wann wir welche Daten erheben und wie wir sie verwenden. Wir verarbeiten Ihre Daten daher ausschlie\u00dflich auf Grundlage der gesetzlichen Bestimmungen (EU-Datenschutzgrundverordnung, Telemediengesetz). Sie k\u00f6nnen diese Erkl\u00e4rung jederzeit auf unserer Webseite abrufen. Im Zuge der Weiterentwicklung unserer Internet-Seiten und der&#8230; <\/p>\n<div class=\"read-more navbutton\"><a href=\"https:\/\/tkv-hochfranken.de\/index.php\/datenschutzerklaerung\/\">Read More<i class=\"fa fa-angle-double-right\"><\/i><\/a><\/div>\n","protected":false},"author":1,"featured_media":0,"parent":0,"menu_order":0,"comment_status":"closed","ping_status":"closed","template":"","meta":{"ngg_post_thumbnail":0,"footnotes":""},"class_list":["post-175","page","type-page","status-publish","hentry"],"_links":{"self":[{"href":"https:\/\/tkv-hochfranken.de\/index.php\/wp-json\/wp\/v2\/pages\/175","targetHints":{"allow":["GET"]}}],"collection":[{"href":"https:\/\/tkv-hochfranken.de\/index.php\/wp-json\/wp\/v2\/pages"}],"about":[{"href":"https:\/\/tkv-hochfranken.de\/index.php\/wp-json\/wp\/v2\/types\/page"}],"author":[{"embeddable":true,"href":"https:\/\/tkv-hochfranken.de\/index.php\/wp-json\/wp\/v2\/users\/1"}],"replies":[{"embeddable":true,"href":"https:\/\/tkv-hochfranken.de\/index.php\/wp-json\/wp\/v2\/comments?post=175"}],"version-history":[{"count":3,"href":"https:\/\/tkv-hochfranken.de\/index.php\/wp-json\/wp\/v2\/pages\/175\/revisions"}],"predecessor-version":[{"id":1539,"href":"https:\/\/tkv-hochfranken.de\/index.php\/wp-json\/wp\/v2\/pages\/175\/revisions\/1539"}],"wp:attachment":[{"href":"https:\/\/tkv-hochfranken.de\/index.php\/wp-json\/wp\/v2\/media?parent=175"}],"curies":[{"name":"wp","href":"https:\/\/api.w.org\/{rel}","templated":true}]}}